{"version":"1.0","provider_name":"Erd\u00e9lyi Ifj\u00fas\u00e1gi Egyes\u00fclet","provider_url":"https:\/\/www.ata-ro.eu\/hu","author_name":"Nikolas Varga","author_url":"https:\/\/www.ata-ro.eu\/hu\/author\/nikolas","title":"\u00daj kaland kezdete az ATA-n\u00e1l - Erd\u00e9lyi Ifj\u00fas\u00e1gi Egyes\u00fclet","type":"rich","width":600,"height":338,"html":"<blockquote class=\"wp-embedded-content\"><a href=\"https:\/\/www.ata-ro.eu\/hu\/hirek\/uj-kaland-kezdete-az-ata-nal.html\">\u00daj kaland kezdete az ATA-n\u00e1l<\/a><\/blockquote>\n<script type='text\/javascript'>\n<!--\/\/--><![CDATA[\/\/><!--\n\t\t\/*! This file is auto-generated *\/\n\t\t!function(c,d){\"use strict\";var e=!1,n=!1;if(d.querySelector)if(c.addEventListener)e=!0;if(c.wp=c.wp||{},!c.wp.receiveEmbedMessage)if(c.wp.receiveEmbedMessage=function(e){var t=e.data;if(t)if(t.secret||t.message||t.value)if(!\/[^a-zA-Z0-9]\/.test(t.secret)){for(var r,a,i,s=d.querySelectorAll('iframe[data-secret=\"'+t.secret+'\"]'),n=d.querySelectorAll('blockquote[data-secret=\"'+t.secret+'\"]'),o=0;o<n.length;o++)n[o].style.display=\"none\";for(o=0;o<s.length;o++)if(r=s[o],e.source===r.contentWindow){if(r.removeAttribute(\"style\"),\"height\"===t.message){if(1e3<(i=parseInt(t.value,10)))i=1e3;else if(~~i<200)i=200;r.height=i}if(\"link\"===t.message)if(a=d.createElement(\"a\"),i=d.createElement(\"a\"),a.href=r.getAttribute(\"src\"),i.href=t.value,i.host===a.host)if(d.activeElement===r)c.top.location.href=t.value}}},e)c.addEventListener(\"message\",c.wp.receiveEmbedMessage,!1),d.addEventListener(\"DOMContentLoaded\",t,!1),c.addEventListener(\"load\",t,!1);function t(){if(!n){n=!0;for(var e,t,r=-1!==navigator.appVersion.indexOf(\"MSIE 10\"),a=!!navigator.userAgent.match(\/Trident.*rv:11\\.\/),i=d.querySelectorAll(\"iframe.wp-embedded-content\"),s=0;s<i.length;s++){if(!(e=i[s]).getAttribute(\"data-secret\"))t=Math.random().toString(36).substr(2,10),e.src+=\"#?secret=\"+t,e.setAttribute(\"data-secret\",t);if(r||a)(t=e.cloneNode(!0)).removeAttribute(\"security\"),e.parentNode.replaceChild(t,e)}}}}(window,document);\n\/\/--><!]]>\n<\/script><iframe sandbox=\"allow-scripts\" security=\"restricted\" src=\"https:\/\/www.ata-ro.eu\/hu\/hirek\/uj-kaland-kezdete-az-ata-nal.html\/embed\" width=\"600\" height=\"338\" title=\"&#8220;\u00daj kaland kezdete az ATA-n\u00e1l&#8221; &#8212; Erd\u00e9lyi Ifj\u00fas\u00e1gi Egyes\u00fclet\" frameborder=\"0\" marginwidth=\"0\" marginheight=\"0\" scrolling=\"no\" class=\"wp-embedded-content\"><\/iframe>","thumbnail_url":"https:\/\/www.ata-ro.eu\/wp-content\/uploads\/2022\/10\/Obrazok-WhatsApp-2022-10-17-o-13.18.38.jpg","thumbnail_width":1600,"thumbnail_height":1200,"description":"Az \u00e9vszak \u00e9s az id\u0151j\u00e1r\u00e1s v\u00e1ltoz\u00e1s\u00e1val egyid\u0151ben egzes\u00fclet\u00fcnkn\u00e9l is v\u00e1ltoz\u00e1sok mennek v\u00e9gbe, term\u00e9szetesen pozit\u00edv ir\u00e1nyban. N\u00e9gy csod\u00e1latos fiatalt fogadtunk csendes kisv\u00e1rosunkban. A fiatalok az\u00e9rt \u00e9rkeztek, hogy egy kicsit sz\u00ednesebb\u00e9 tegy\u00e9k k\u00f6z\u00f6ss\u00e9g\u00fcnk \u00e9let\u00e9t. Mindegyik\u00fck Eur\u00f3pa k\u00fcl\u00f6nb\u00f6z\u0151 r\u00e9szeir\u0151l k\u00f6lt\u00f6z\u00f6tt v\u00e1rosunkba.Nerea maga m\u00f6g\u00f6tt hagyta Spanyolorsz\u00e1g meleg\u00e9t, \u00e9s az es\u0151s Rom\u00e1ni\u00e1ba k\u00f6lt\u00f6z\u00f6tt. K\u00edv\u00e1ncsi mindenre, ami helyi jellegzetess\u00e9g. Franciaorsz\u00e1gb\u00f3l \u00fcdv\u00f6z\u00f6lt\u00fck Quentint, aki m\u00e1r egy nagyon fontos feladatot kapott t\u0151l\u00fcnk: neki kell kital\u00e1lnia, hogyan k\u00e9sz\u00edts\u00fcnk \u00f3ri\u00e1si bubor\u00e9kokat! Timotej a szlov\u00e1k telet rom\u00e1nra cser\u00e9lte. Ha l\u00e1tod, hogy egy sz\u0151ke, elveszett fi\u00fa k\u00f3borol Sz\u00e9kelykreszt\u00far utc\u00e1in, k\u00e9rlek, adj n\u00e9h\u00e1nySEE DETAILS"}